{"id":7856,"date":"2026-04-17T13:54:23","date_gmt":"2026-04-17T11:54:23","guid":{"rendered":"https:\/\/www.somicmf.org\/dia-de-la-mision-claretiana-2026\/"},"modified":"2026-04-24T12:58:40","modified_gmt":"2026-04-24T10:58:40","slug":"dia-de-la-mision-claretiana-2026","status":"publish","type":"page","link":"https:\/\/www.somicmf.org\/es\/dia-de-la-mision-claretiana-2026\/","title":{"rendered":"D\u00eda de la Misi\u00f3n Claretiana 2026"},"content":{"rendered":"<div class=\"et_pb_section_0 et_pb_section et_section_regular et_flex_section\">\n<div class=\"et_pb_row_0 et_pb_row et_flex_row\">\n<div class=\"et_pb_column_0 et_pb_column et-last-child et_flex_column et_pb_css_mix_blend_mode_passthrough et_flex_column_24_24 et_flex_column_24_24_tablet et_flex_column_24_24_phone\">\n<div class=\"et_pb_image_0 et_pb_image et_pb_module et_flex_module\"><span class=\"et_pb_image_wrap\"><img loading=\"lazy\" decoding=\"async\" src=\"https:\/\/www.somicmf.org\/wp-content\/uploads\/2026\/03\/EN_Logo_CMD26.png\" title=\"ES_Logo_CMD26\" width=\"608\" height=\"530\" srcset=\"https:\/\/www.somicmf.org\/wp-content\/uploads\/2026\/03\/EN_Logo_CMD26.png 608w, https:\/\/www.somicmf.org\/wp-content\/uploads\/2026\/03\/EN_Logo_CMD26-480x418.png 480w\" sizes=\"(min-width: 0px) and (max-width: 480px) 480px, (min-width: 481px) 608px, 100vw\" class=\"wp-image-6103\" \/><\/span><\/div>\n<\/div>\n<\/div>\n\n<div class=\"et_pb_row_1 et_pb_row et_flex_row\">\n<div class=\"et_pb_column_1 et_pb_column et-last-child et_flex_column et_pb_css_mix_blend_mode_passthrough et_flex_column_24_24 et_flex_column_24_24_tablet et_flex_column_24_24_phone\">\n<div class=\"et_pb_text_0 et_pb_text et_pb_bg_layout_light et_pb_module et_flex_module\"><div class=\"et_pb_text_inner\"><h1 style=\"text-align: center;\">D\u00cdA DE LA MISION CLARETIANA 2026<\/h1>\n<\/div><\/div>\n\n<div class=\"et_pb_text_1 et_pb_text et_pb_bg_layout_light et_pb_module et_flex_module\"><div class=\"et_pb_text_inner\"><h2 style=\"text-align: center;\">CONOCE Y ACOMPA\u00d1A LAS MIGRACIONES EN EL MUNDO<\/h2>\n<\/div><\/div>\n<\/div>\n<\/div>\n\n<div class=\"et_pb_row_2 et_pb_row et_flex_row\">\n<div class=\"et_pb_column_2 et_pb_column et-last-child et_flex_column et_pb_css_mix_blend_mode_passthrough et_flex_column_24_24 et_flex_column_24_24_tablet et_flex_column_24_24_phone\">\n<div class=\"et_pb_video_0 et_pb_video et_pb_module et_flex_module\"><div class=\"et_pb_video_box\"><iframe loading=\"lazy\" title=\"\u00abSin fronteras\u00bb: D\u00eda de la Misi\u00f3n Claretiana 2026\" width=\"1080\" height=\"608\" src=\"https:\/\/www.youtube.com\/embed\/IUALYKTlgUk?feature=oembed\"  allow=\"accelerometer; autoplay; clipboard-write; encrypted-media; gyroscope; picture-in-picture; web-share\" referrerpolicy=\"strict-origin-when-cross-origin\" allowfullscreen><\/iframe><\/div><div class=\"et_pb_video_overlay\" style=\"background-image:url(https:\/\/www.somicmf.org\/wp-content\/uploads\/2026\/04\/EN-1.png)\"><div class=\"et_pb_video_overlay_hover\"><a class=\"et_pb_video_play\" href=\"#\"><\/a><\/div><\/div><\/div>\n<\/div>\n<\/div>\n\n<div class=\"et_pb_row_3 et_pb_row et_flex_row\">\n<div class=\"et_pb_column_3 et_pb_column et-last-child et_flex_column et_pb_css_mix_blend_mode_passthrough et_flex_column_24_24 et_flex_column_24_24_tablet et_flex_column_24_24_phone\">\n<div class=\"et_pb_text_2 et_pb_text et_pb_bg_layout_light et_pb_module et_flex_module\"><div class=\"et_pb_text_inner\"><h1 style=\"text-align: center;\"><b>SIN FRONTERAS<\/b><\/h1>\n<p><\/p>\n<h2 style=\"text-align: center;\"><b>\u201cMi esp\u00edritu es para todo el mundo\u201d<\/b><\/h2>\n<p><\/p>\n<h3 style=\"text-align: center;\">(S. Antonio Maria Claret)<\/h3>\n<\/div><\/div>\n\n<div class=\"et_pb_text_3 et_pb_text et_pb_bg_layout_light et_pb_module et_flex_module\"><div class=\"et_pb_text_inner\"><p style=\"text-align: center;\">El lema \u00ab<em><strong>Sin fronteras<\/strong><\/em>\u00bb nos invita a mirar el mundo con los ojos del Evangelio y con el coraz\u00f3n de Claret. En cada migrante reconocemos a un hermano o una hermana en camino, y en cada frontera, una oportunidad para derribar muros y construir comuni\u00f3n.<\/p>\n<p><\/p>\n<p style=\"text-align: center;\">Al igual que <strong>Claret<\/strong> \u2014cuyo esp\u00edritu abarcaba el mundo entero\u2014, queremos vivir la misi\u00f3n m\u00e1s all\u00e1 de las fronteras geogr\u00e1ficas, culturales o sociales, acompa\u00f1ando los caminos de quienes buscan un lugar donde vivir con dignidad.<\/p>\n<p><\/p>\n<p style=\"text-align: center;\">Hoy, uno de los gritos m\u00e1s urgentes de nuestro tiempo proviene de los millones de personas obligadas a abandonar su tierra, sus familias y sus ra\u00edces. <strong>La migraci\u00f3n y el desplazamiento forzoso son realidades<\/strong> que traspasan nuestras fronteras, nuestras comunidades y nuestras conciencias.<\/p>\n<p><\/p>\n<p style=\"text-align: center;\">Como Misi\u00f3n Claretiana, nos sentimos llamados a caminar con los pueblos en movimiento, a reconocer en cada migrante el rostro de Cristo peregrino, y a responder con acciones concretas de <strong>acogida, acompa\u00f1amiento, promoci\u00f3n y defensa de sus derechos.<\/strong><\/p>\n<p><\/p>\n<p style=\"text-align: center;\">El <strong>D\u00eda de la Misi\u00f3n Claretiana 2026<\/strong> pretende ser un momento para profundizar en esta dimensi\u00f3n de nuestra misi\u00f3n y para fortalecer los proyectos que llevan vida y esperanza a quienes buscan un nuevo comienzo.<\/p>\n<\/div><\/div>\n<\/div>\n<\/div>\n\n<div class=\"et_pb_row_4 et_pb_row et_flex_row\">\n<div class=\"et_pb_column_4 et_pb_column et-last-child et_flex_column et_pb_css_mix_blend_mode_passthrough et_flex_column_24_24 et_flex_column_24_24_tablet et_flex_column_24_24_phone\">\n<div class=\"et_pb_module et_pb_button_module_wrapper et_pb_button_0_wrapper\"><a class=\"et_pb_button_0 et_pb_button et_pb_bg_layout_light et_pb_module et_flex_module\" href=\"https:\/\/www.paypal.com\/donate?campaign_id=69B7VQQVTXKHG\" target=\"_blank\" data-icon=\"\uf4be\">Dona ahora<\/a><\/div>\n\n<div class=\"et_pb_image_1 et_pb_image et_pb_module et_flex_module\"><span class=\"et_pb_image_wrap\"><img loading=\"lazy\" decoding=\"async\" src=\"https:\/\/www.somicmf.org\/wp-content\/uploads\/2026\/03\/Codice-QR_CMD26_PayPal.png\" title=\"Codice QR_CMD26_PayPal\" width=\"128\" height=\"128\" srcset=\"https:\/\/www.somicmf.org\/wp-content\/uploads\/2026\/03\/Codice-QR_CMD26_PayPal.png 128w\" sizes=\"(max-width: 128px) 100vw, 128px\" class=\"wp-image-6119\" \/><\/span><\/div>\n<\/div>\n<\/div>\n\n<div class=\"et_pb_row_5 et_pb_row et_flex_row\">\n<div class=\"et_pb_column_5 et_pb_column et-last-child et_flex_column et_pb_css_mix_blend_mode_passthrough et_flex_column_24_24 et_flex_column_24_24_tablet et_flex_column_24_24_phone\">\n<div class=\"et_pb_text_4 et_pb_text et_pb_bg_layout_light et_pb_module et_flex_module\"><div class=\"et_pb_text_inner\"><p style=\"text-align: center;\"><strong>DESCUBRE LOS PROYECTOS<\/strong><\/p>\n<\/div><\/div>\n<\/div>\n<\/div>\n\n<div class=\"et_pb_row_6 et_pb_row et_flex_row\">\n<div class=\"et_pb_column_6 et_pb_column et_flex_column et_pb_css_mix_blend_mode_passthrough et_flex_column_8_24 et_flex_column_8_24_tablet et_flex_column_24_24_phone\">\n<div class=\"et_pb_blurb_0 et_pb_blurb et_pb_bg_layout_light et_pb_text_align_center et_pb_blurb_position_top et_pb_module et_flex_module\"><div class=\"et_pb_blurb_content et_flex_module\"><div class=\"et_pb_main_blurb_image\"><span class=\"et_pb_image_wrap et_pb_only_image_mode_wrap\"><img loading=\"lazy\" decoding=\"async\" src=\"https:\/\/www.somicmf.org\/wp-content\/uploads\/2026\/04\/EN-ES-IT-PT-1.png\" width=\"2560\" height=\"1440\" srcset=\"https:\/\/www.somicmf.org\/wp-content\/uploads\/2026\/04\/EN-ES-IT-PT-1.png 2560w, https:\/\/www.somicmf.org\/wp-content\/uploads\/2026\/04\/EN-ES-IT-PT-1-1280x720.png 1280w, https:\/\/www.somicmf.org\/wp-content\/uploads\/2026\/04\/EN-ES-IT-PT-1-980x551.png 980w, https:\/\/www.somicmf.org\/wp-content\/uploads\/2026\/04\/EN-ES-IT-PT-1-480x270.png 480w\" sizes=\"(min-width: 0px) and (max-width: 480px) 480px, (min-width: 481px) and (max-width: 980px) 980px, (min-width: 981px) and (max-width: 1280px) 1280px, (min-width: 1281px) 2560px, 100vw\" class=\"wp-image-6541\" title=\"EN-ES-IT-PT 1\" \/><\/span><\/div><div class=\"et_pb_blurb_container\"><h4 class=\"et_pb_module_header\">PROYECTO I<\/h4><div class=\"et_pb_blurb_description\"><p>Atenci\u00f3n integral, protecci\u00f3n y fortalecimiento comunitario para migrantes<\/p>\n<\/div><\/div><\/div><\/div>\n\n<div class=\"et_pb_module et_pb_button_module_wrapper et_pb_button_1_wrapper\"><a class=\"et_pb_button_1 et_pb_button et_pb_bg_layout_light et_pb_module et_flex_module\" href=\"https:\/\/www.somicmf.org\/project-i-claretian-mission-day-2026\/\" target=\"_blank\">M\u00e1s informaci\u00f3n<\/a><\/div>\n<\/div>\n\n<div class=\"et_pb_column_7 et_pb_column et_flex_column et_pb_css_mix_blend_mode_passthrough et_flex_column_8_24 et_flex_column_8_24_tablet et_flex_column_24_24_phone\">\n<div class=\"et_pb_blurb_1 et_pb_blurb et_pb_bg_layout_light et_pb_text_align_center et_pb_blurb_position_top et_pb_module et_flex_module\"><div class=\"et_pb_blurb_content et_flex_module\"><div class=\"et_pb_main_blurb_image\"><span class=\"et_pb_image_wrap et_pb_only_image_mode_wrap\"><img loading=\"lazy\" decoding=\"async\" src=\"https:\/\/www.somicmf.org\/wp-content\/uploads\/2026\/04\/ALL-2.png\" width=\"2560\" height=\"1440\" srcset=\"https:\/\/www.somicmf.org\/wp-content\/uploads\/2026\/04\/ALL-2.png 2560w, https:\/\/www.somicmf.org\/wp-content\/uploads\/2026\/04\/ALL-2-1280x720.png 1280w, https:\/\/www.somicmf.org\/wp-content\/uploads\/2026\/04\/ALL-2-980x551.png 980w, https:\/\/www.somicmf.org\/wp-content\/uploads\/2026\/04\/ALL-2-480x270.png 480w\" sizes=\"(min-width: 0px) and (max-width: 480px) 480px, (min-width: 481px) and (max-width: 980px) 980px, (min-width: 981px) and (max-width: 1280px) 1280px, (min-width: 1281px) 2560px, 100vw\" class=\"wp-image-6561\" title=\"ALL - 2\" \/><\/span><\/div><div class=\"et_pb_blurb_container\"><h4 class=\"et_pb_module_header\">PROYECTO II<\/h4><div class=\"et_pb_blurb_description\"><p>Reconstruyendo futuros: aula de estudio y alfabetizaci\u00f3n para ni\u00f1os desplazados<\/p>\n<\/div><\/div><\/div><\/div>\n\n<div class=\"et_pb_module et_pb_button_module_wrapper et_pb_button_2_wrapper\"><a class=\"et_pb_button_2 et_pb_button et_pb_bg_layout_light et_pb_module et_flex_module\" href=\"https:\/\/www.somicmf.org\/project-ii-claretian-mission-day-2026\/\" target=\"_blank\">M\u00e1s informaci\u00f3n<\/a><\/div>\n<\/div>\n\n<div class=\"et_pb_column_8 et_pb_column et-last-child et_flex_column et_pb_css_mix_blend_mode_passthrough et_flex_column_8_24 et_flex_column_8_24_tablet et_flex_column_24_24_phone\">\n<div class=\"et_pb_blurb_2 et_pb_blurb et_pb_bg_layout_light et_pb_text_align_center et_pb_blurb_position_top et_pb_module et_flex_module\"><div class=\"et_pb_blurb_content et_flex_module\"><div class=\"et_pb_main_blurb_image\"><span class=\"et_pb_image_wrap et_pb_only_image_mode_wrap\"><img loading=\"lazy\" decoding=\"async\" src=\"https:\/\/www.somicmf.org\/wp-content\/uploads\/2026\/04\/EN-ES-IT-PT-3.png\" width=\"2560\" height=\"1440\" srcset=\"https:\/\/www.somicmf.org\/wp-content\/uploads\/2026\/04\/EN-ES-IT-PT-3.png 2560w, https:\/\/www.somicmf.org\/wp-content\/uploads\/2026\/04\/EN-ES-IT-PT-3-1280x720.png 1280w, https:\/\/www.somicmf.org\/wp-content\/uploads\/2026\/04\/EN-ES-IT-PT-3-980x551.png 980w, https:\/\/www.somicmf.org\/wp-content\/uploads\/2026\/04\/EN-ES-IT-PT-3-480x270.png 480w\" sizes=\"(min-width: 0px) and (max-width: 480px) 480px, (min-width: 481px) and (max-width: 980px) 980px, (min-width: 981px) and (max-width: 1280px) 1280px, (min-width: 1281px) 2560px, 100vw\" class=\"wp-image-6567\" title=\"EN-ES-IT-PT 3\" \/><\/span><\/div><div class=\"et_pb_blurb_container\"><h4 class=\"et_pb_module_header\">PROYECTO III<\/h4><div class=\"et_pb_blurb_description\"><p>Escuela y programa educativo para ni\u00f1os tribales desplazados<\/p>\n<\/div><\/div><\/div><\/div>\n\n<div class=\"et_pb_module et_pb_button_module_wrapper et_pb_button_3_wrapper\"><a class=\"et_pb_button_3 et_pb_button et_pb_bg_layout_light et_pb_module et_flex_module\" href=\"https:\/\/www.somicmf.org\/project-iii-claretian-mission-day-2026\/\" target=\"_blank\">M\u00e1s informaci\u00f3n<\/a><\/div>\n<\/div>\n<\/div>\n\n<div class=\"et_pb_row_7 et_pb_row et_flex_row\">\n<div class=\"et_pb_column_9 et_pb_column et_flex_column et_pb_css_mix_blend_mode_passthrough et_flex_column_3_5 et_flex_column_3_5_tablet et_flex_column_24_24_phone\">\n<div class=\"et_pb_text_5 et_pb_text et_pb_bg_layout_light et_pb_module et_flex_module\"><div class=\"et_pb_text_inner\"><p style=\"text-align: right;\">Descubre m\u00e1s sobre las <em>experiencias de los claretianos<\/em> en el \u00e1mbito de la migraci\u00f3n.<\/p>\n<p><\/p>\n<p style=\"text-align: right;\"><strong>Descarga el libro<\/strong><br \/><strong>\u00abNuestra misi\u00f3n en el mundo\u00bb<\/strong><\/p>\n<\/div><\/div>\n<\/div>\n\n<div class=\"et_pb_column_10 et_pb_column et-last-child et_flex_column et_pb_css_mix_blend_mode_passthrough et_flex_column_2_5 et_flex_column_2_5_tablet et_flex_column_24_24_phone\">\n<div class=\"et_pb_image_2 et_pb_image et_pb_module et_flex_module\"><a href=\"https:\/\/www.somicmf.org\/download\/295\/manuals\/6419\/en_manual_experiences_cmd26.pdf?lang=en\"><span class=\"et_pb_image_wrap\"><img loading=\"lazy\" decoding=\"async\" src=\"https:\/\/www.somicmf.org\/wp-content\/uploads\/2026\/04\/EN_Picture_Book_TRANSPARENT.png\" title=\"ES_Picture_Book_TRANSPARENT\" width=\"861\" height=\"1080\" srcset=\"https:\/\/www.somicmf.org\/wp-content\/uploads\/2026\/04\/EN_Picture_Book_TRANSPARENT.png 861w, https:\/\/www.somicmf.org\/wp-content\/uploads\/2026\/04\/EN_Picture_Book_TRANSPARENT-480x602.png 480w\" sizes=\"(min-width: 0px) and (max-width: 480px) 480px, (min-width: 481px) 861px, 100vw\" class=\"wp-image-7604\" \/><\/span><\/a><\/div>\n<\/div>\n<\/div>\n<\/div>","protected":false},"excerpt":{"rendered":"","protected":false},"author":12,"featured_media":0,"parent":0,"menu_order":0,"comment_status":"closed","ping_status":"closed","template":"","meta":{"footnotes":""},"class_list":["post-7856","page","type-page","status-publish","hentry"],"_links":{"self":[{"href":"https:\/\/www.somicmf.org\/es\/wp-json\/wp\/v2\/pages\/7856","targetHints":{"allow":["GET"]}}],"collection":[{"href":"https:\/\/www.somicmf.org\/es\/wp-json\/wp\/v2\/pages"}],"about":[{"href":"https:\/\/www.somicmf.org\/es\/wp-json\/wp\/v2\/types\/page"}],"author":[{"embeddable":true,"href":"https:\/\/www.somicmf.org\/es\/wp-json\/wp\/v2\/users\/12"}],"replies":[{"embeddable":true,"href":"https:\/\/www.somicmf.org\/es\/wp-json\/wp\/v2\/comments?post=7856"}],"version-history":[{"count":1,"href":"https:\/\/www.somicmf.org\/es\/wp-json\/wp\/v2\/pages\/7856\/revisions"}],"predecessor-version":[{"id":7857,"href":"https:\/\/www.somicmf.org\/es\/wp-json\/wp\/v2\/pages\/7856\/revisions\/7857"}],"wp:attachment":[{"href":"https:\/\/www.somicmf.org\/es\/wp-json\/wp\/v2\/media?parent=7856"}],"curies":[{"name":"wp","href":"https:\/\/api.w.org\/{rel}","templated":true}]}}